{"version":"1.0","provider_name":"Windforce-2026","provider_url":"https:\/\/windforce.info\/windforce-2026","title":"Referentin:Nora BremerNieders\u00e4chsisches Ministerium f\u00fcr Umwelt, Energie und Klimaschutz - Windforce-2026","type":"rich","width":600,"height":338,"html":"<blockquote class=\"wp-embedded-content\"><a href=\"https:\/\/windforce.info\/windforce-2026\/speaker\/nora-bremer\/\">Referentin:<\/br>Nora Bremer<\/br>Nieders\u00e4chsisches Ministerium f\u00fcr Umwelt, Energie und Klimaschutz<\/br><\/br><\/a><\/blockquote>\n<script type='text\/javascript'>\n<!--\/\/--><![CDATA[\/\/><!--\n\t\t!function(d,l){\"use strict\";var e=!1,n=!1;if(l.querySelector)if(d.addEventListener)e=!0;if(d.wp=d.wp||{},!d.wp.receiveEmbedMessage)if(d.wp.receiveEmbedMessage=function(e){var t=e.data;if(t)if(t.secret||t.message||t.value)if(!\/[^a-zA-Z0-9]\/.test(t.secret)){for(var r,i,a,s=l.querySelectorAll('iframe[data-secret=\"'+t.secret+'\"]'),n=l.querySelectorAll('blockquote[data-secret=\"'+t.secret+'\"]'),o=new RegExp(\"^https?:$\",\"i\"),c=0;c<n.length;c++)n[c].style.display=\"none\";for(c=0;c<s.length;c++)if(r=s[c],e.source===r.contentWindow){if(r.removeAttribute(\"style\"),\"height\"===t.message){if(1e3<(a=parseInt(t.value,10)))a=1e3;else if(~~a<200)a=200;r.height=a}if(\"link\"===t.message)if(i=l.createElement(\"a\"),a=l.createElement(\"a\"),i.href=r.getAttribute(\"src\"),a.href=t.value,o.test(a.protocol))if(a.host===i.host)if(l.activeElement===r)d.top.location.href=t.value}}},e)d.addEventListener(\"message\",d.wp.receiveEmbedMessage,!1),l.addEventListener(\"DOMContentLoaded\",t,!1),d.addEventListener(\"load\",t,!1);function t(){if(!n){n=!0;for(var e,t,r=-1!==navigator.appVersion.indexOf(\"MSIE 10\"),i=!!navigator.userAgent.match(\/Trident.*rv:11\\.\/),a=l.querySelectorAll(\"iframe.wp-embedded-content\"),s=0;s<a.length;s++){if(!(e=a[s]).getAttribute(\"data-secret\"))t=Math.random().toString(36).substr(2,10),e.src+=\"#?secret=\"+t,e.setAttribute(\"data-secret\",t);if(r||i)(t=e.cloneNode(!0)).removeAttribute(\"security\"),e.parentNode.replaceChild(t,e)}}}}(window,document);\n\/\/--><!]]>\n<\/script><iframe sandbox=\"allow-scripts\" security=\"restricted\" src=\"https:\/\/windforce.info\/windforce-2026\/speaker\/nora-bremer\/embed\/\" width=\"600\" height=\"338\" title=\"&#8222;Referentin:&lt;\/br&gt;Nora Bremer&lt;\/br&gt;Nieders\u00e4chsisches Ministerium f\u00fcr Umwelt, Energie und Klimaschutz&lt;\/br&gt;&lt;\/br&gt;&#8220; &#8212; Windforce-2026\" frameborder=\"0\" marginwidth=\"0\" marginheight=\"0\" scrolling=\"no\" class=\"wp-embedded-content\"><\/iframe>","thumbnail_url":"https:\/\/windforce.info\/windforce-2026\/wp-content\/uploads\/sites\/24\/2025\/10\/Nora_Bremer_Land_Niedersachsen-Kopie.jpg","thumbnail_width":586,"thumbnail_height":586,"description":"Vortragsinhalt:\u00a0 F\u00fcr die Organisation der Rettung der Besch\u00e4ftigten von Anlagen in der AWZ haben die K\u00fcstenl\u00e4nder mit einer Gesetzesinitiative einen Vorschlag vorgelegt. Dieser enth\u00e4lt erstmal auch klare Zust\u00e4ndigkeitsregelungen zur rettungsdienstlichen Versorgung in der AWZ. Der Vortrag gibt einen \u00dcberblick \u00fcber die Hintergr\u00fcnde, die bestehenden Regelungsl\u00fccken und die zentralen Inhalte des Gesetzesantrags und beantwortet die Frage,... Artikel ansehen"}